{"id":43925,"date":"2026-08-28T11:11:16","date_gmt":"2026-08-28T03:11:16","guid":{"rendered":"https:\/\/www.ochm-macau.org\/?post_type=tribe_events&#038;p=43925"},"modified":"2026-08-28T11:16:12","modified_gmt":"2026-08-28T03:16:12","slug":"concerto-comemorativo-do-27-o-aniversario-do-retorno-de-macau-a-patria-rapsodia-de-macau","status":"publish","type":"tribe_events","link":"https:\/\/www.ochm-macau.org\/pt-pt\/event\/concerto-comemorativo-do-27-o-aniversario-do-retorno-de-macau-a-patria-rapsodia-de-macau\/","title":{"rendered":"Concerto Comemorativo do 27.\u00ba Anivers\u00e1rio do Retorno de Macau \u00e0 P\u00e1tria<br> \u201cRaps\u00f3dia de Macau\u201d"},"content":{"rendered":"<p>[vc_row][vc_column width=&#8221;2\/3&#8243;]<div class=\"cqcarousel-container \" data-slidestoshow=\"5\" data-thumbstoshow=\"7\" data-dots=\"yes\" data-arrows=\"yes\" data-isgallery=\"is-gallery\" data-largeimagearrows=\"yes\" data-autoplay=\"no\" data-autoplayspeed=\"4000\" data-containerwidth=\"\" data-containermaxwidth=\"\" data-imgnum=\"5\" data-bottomversion=\"\" data-dotbottom=\"\"><div class=\"carousel-gallery\"><div><div class=\"gallery-con\" style=\"background-image:url(https:\/\/www.ochm-macau.org\/wp-content\/uploads\/2026\/08\/3-\u95dc\u5efc\u5fe0.jpg);\"><\/div><\/div><div><div class=\"gallery-con\" style=\"background-image:url(https:\/\/www.ochm-macau.org\/wp-content\/uploads\/2026\/08\/\u5ed6\u5143\u923a-Liao-Yuan-Yu-booklet-ps-7.png);\"><\/div><\/div><div><div class=\"gallery-con\" style=\"background-image:url(https:\/\/www.ochm-macau.org\/wp-content\/uploads\/2026\/08\/01-\u62c9\u5f26\u8072\u90e8-\u4e2d\u80e1\u9996\u5e2d-\u674e\u5cf0.jpg);\"><\/div><\/div><div><div class=\"gallery-con\" style=\"background-image:url(https:\/\/www.ochm-macau.org\/wp-content\/uploads\/2026\/08\/02-\u5439\u7ba1\u8072\u90e8-\u9ad8\u97f3\u55e9\u5436-\u7530\u4e01-1.jpg);\"><\/div><\/div><div><div class=\"gallery-con\" style=\"background-image:url(https:\/\/www.ochm-macau.org\/wp-content\/uploads\/2026\/08\/03-\u5f48\u64a5\u8072\u90e8-\u67f3\u7434\u9996\u5e2d-\u9b4f\u9752-1.jpg);\"><\/div><\/div><\/div><div class=\"carousel-thumb is-gallery\"><div title=\"\"><img decoding=\"async\" src=\"https:\/\/www.ochm-macau.org\/wp-content\/uploads\/2026\/08\/3-\u95dc\u5efc\u5fe0-120x80.jpg\" \/><\/div><div title=\"\"><img decoding=\"async\" src=\"https:\/\/www.ochm-macau.org\/wp-content\/uploads\/2026\/08\/\u5ed6\u5143\u923a-Liao-Yuan-Yu-booklet-ps-7-120x80.png\" \/><\/div><div title=\"\"><img decoding=\"async\" src=\"https:\/\/www.ochm-macau.org\/wp-content\/uploads\/2026\/08\/01-\u62c9\u5f26\u8072\u90e8-\u4e2d\u80e1\u9996\u5e2d-\u674e\u5cf0-120x80.jpg\" \/><\/div><div title=\"\"><img decoding=\"async\" src=\"https:\/\/www.ochm-macau.org\/wp-content\/uploads\/2026\/08\/02-\u5439\u7ba1\u8072\u90e8-\u9ad8\u97f3\u55e9\u5436-\u7530\u4e01-1-120x80.jpg\" \/><\/div><div title=\"\"><img decoding=\"async\" src=\"https:\/\/www.ochm-macau.org\/wp-content\/uploads\/2026\/08\/03-\u5f48\u64a5\u8072\u90e8-\u67f3\u7434\u9996\u5e2d-\u9b4f\u9752-1-120x80.jpg\" \/><\/div><\/div><\/div>[vc_column_text]<span style=\"color: #faffbd;\">Data: 18.12.2026 Sexta-feira<\/span><br \/>\n<span style=\"color: #faffbd;\">Hora: 20:00<\/span><br \/>\n<span style=\"color: #faffbd;\">Local: Centro Cultural de Macau Grande Audit\u00f3rio<\/span><\/p>\n<p>Maestro: Liao Yuan-Yu<br \/>\nLiuqin: Wei Qing<br \/>\nSuona: Tian Ding<br \/>\nBanhu: Li Feng<\/p>\n<p style=\"text-align: justify;\">Grande destaque das comemora\u00e7\u00f5es do Retorno de Macau \u00e0 P\u00e1tria \u2013 Estreia mundial de Raps\u00f3dia de Macau N.\u00ba 4 de Kuan Nai-chung atrai os olhares de todos<\/p>\n<p style=\"text-align: justify;\">Celebram-se vinte e sete anos do Retorno, atrav\u00e9s das melodias mais aut\u00eanticas de Macau. O compositor Kuan Nai-chung, que vem captando, desde h\u00e1 muito, o esp\u00edrito da cidade nas suas tr\u00eas Raps\u00f3dias de Macau, apresenta, neste concerto, a estreia da Raps\u00f3dia de Macau N.\u00ba 4, uma obra aguardada com enorme expectativa. Combinando elementos musicais chineses e portugueses com uma poderosa componente de percuss\u00e3o, a nova obra constitui um brilhante testemunho da fus\u00e3o cultural que caracteriza Macau. As quatro raps\u00f3dias ser\u00e3o apresentadas em conjunto, acompanhadas pela rom\u00e2ntica Noite de Macau, de Eric Watson, numa emotiva homenagem da orquestra a vinte e sete anos de orgulho e reencontro.<\/p>\n<p>Aproximadamente 1 hora e 30 minutos, incluindo um intervalo<\/p>\n<p><strong>Destaques do programa: <\/strong><\/p>\n<p>Noite de Macau*<br \/>\nComp. Eric Watson<\/p>\n<p>Concerto para Liuqin \u201dRaps\u00f3dia de Macau\u201d *<br \/>\nComp. Kuan Nai-chung<\/p>\n<p>Concerto para Suona \u201dRaps\u00f3dia de Macau N.\u00ba 2\u201d *<br \/>\nComp. Kuan Nai-chung<\/p>\n<p>Concerto para Banhu \u201cRaps\u00f3dia de Macau N.\u00ba 3\u201c *<br \/>\nComp. Kuan Nai-chung<\/p>\n<p>Estreia mundial | Concerto para Percuss\u00e3o \u201dRaps\u00f3dia de Macau N.\u00ba 4\u201d *<br \/>\nComp. Kuan Nai-chung<\/p>\n<p><span style=\"color: #ff9900;\">*Commissioned works by the Macao Chinese Orchestra<\/span>[\/vc_column_text][\/vc_column][vc_column width=&#8221;1\/3&#8243;][vc_column_text]<\/p>\n<h4>Registo gratuito<\/h4>\n<p>[\/vc_column_text][\/vc_column][\/vc_row]<\/p>\n","protected":false},"excerpt":{"rendered":"<p>Grande destaque das comemora\u00e7\u00f5es do Retorno de Macau \u00e0 P\u00e1tria \u2013 Estreia mundial de Raps\u00f3dia de Macau N.\u00ba 4 de Kuan Nai-chung atrai os olhares de todos<\/p>\n","protected":false},"author":2,"featured_media":43907,"comment_status":"closed","ping_status":"closed","template":"","meta":{"_acf_changed":false,"footnotes":""},"tags":[],"tribe_events_cat":[411],"class_list":["post-43925","tribe_events","type-tribe_events","status-publish","has-post-thumbnail","hentry","tribe_events_cat-ciclo-celebracoes-festivas","cat_ciclo-celebracoes-festivas"],"acf":[],"_links":{"self":[{"href":"https:\/\/www.ochm-macau.org\/pt-pt\/wp-json\/wp\/v2\/tribe_events\/43925","targetHints":{"allow":["GET"]}}],"collection":[{"href":"https:\/\/www.ochm-macau.org\/pt-pt\/wp-json\/wp\/v2\/tribe_events"}],"about":[{"href":"https:\/\/www.ochm-macau.org\/pt-pt\/wp-json\/wp\/v2\/types\/tribe_events"}],"author":[{"embeddable":true,"href":"https:\/\/www.ochm-macau.org\/pt-pt\/wp-json\/wp\/v2\/users\/2"}],"replies":[{"embeddable":true,"href":"https:\/\/www.ochm-macau.org\/pt-pt\/wp-json\/wp\/v2\/comments?post=43925"}],"version-history":[{"count":4,"href":"https:\/\/www.ochm-macau.org\/pt-pt\/wp-json\/wp\/v2\/tribe_events\/43925\/revisions"}],"predecessor-version":[{"id":44335,"href":"https:\/\/www.ochm-macau.org\/pt-pt\/wp-json\/wp\/v2\/tribe_events\/43925\/revisions\/44335"}],"wp:featuredmedia":[{"embeddable":true,"href":"https:\/\/www.ochm-macau.org\/pt-pt\/wp-json\/wp\/v2\/media\/43907"}],"wp:attachment":[{"href":"https:\/\/www.ochm-macau.org\/pt-pt\/wp-json\/wp\/v2\/media?parent=43925"}],"wp:term":[{"taxonomy":"post_tag","embeddable":true,"href":"https:\/\/www.ochm-macau.org\/pt-pt\/wp-json\/wp\/v2\/tags?post=43925"},{"taxonomy":"tribe_events_cat","embeddable":true,"href":"https:\/\/www.ochm-macau.org\/pt-pt\/wp-json\/wp\/v2\/tribe_events_cat?post=43925"}],"curies":[{"name":"wp","href":"https:\/\/api.w.org\/{rel}","templated":true}]}}