{"id":43956,"date":"2026-08-28T11:11:11","date_gmt":"2026-08-28T03:11:11","guid":{"rendered":"https:\/\/www.ochm-macau.org\/?post_type=tribe_events&#038;p=43956"},"modified":"2026-08-28T11:11:11","modified_gmt":"2026-08-28T03:11:11","slug":"concerto-de-ano-novo-votos-de-primavera-em-harmonia","status":"publish","type":"tribe_events","link":"https:\/\/www.ochm-macau.org\/pt-pt\/event\/concerto-de-ano-novo-votos-de-primavera-em-harmonia\/","title":{"rendered":"Concerto de Ano Novo \u201cVotos de Primavera em Harmonia\u201d"},"content":{"rendered":"<p>[vc_row][vc_column width=&#8221;2\/3&#8243;]<div class=\"cqcarousel-container \" data-slidestoshow=\"5\" data-thumbstoshow=\"7\" data-dots=\"yes\" data-arrows=\"yes\" data-isgallery=\"is-gallery\" data-largeimagearrows=\"yes\" data-autoplay=\"no\" data-autoplayspeed=\"4000\" data-containerwidth=\"\" data-containermaxwidth=\"\" data-imgnum=\"5\" data-bottomversion=\"\" data-dotbottom=\"\"><div class=\"carousel-gallery\"><div><div class=\"gallery-con\" style=\"background-image:url(https:\/\/www.ochm-macau.org\/wp-content\/uploads\/2026\/08\/26SCO-0054-1.jpg);\"><\/div><\/div><div><div class=\"gallery-con\" style=\"background-image:url(https:\/\/www.ochm-macau.org\/wp-content\/uploads\/2026\/08\/\u9023.jpeg);\"><\/div><\/div><div><div class=\"gallery-con\" style=\"background-image:url(https:\/\/www.ochm-macau.org\/wp-content\/uploads\/2026\/08\/1.jpg);\"><\/div><\/div><div><div class=\"gallery-con\" style=\"background-image:url(https:\/\/www.ochm-macau.org\/wp-content\/uploads\/2026\/08\/006.jpg);\"><\/div><\/div><div><div class=\"gallery-con\" style=\"background-image:url(https:\/\/www.ochm-macau.org\/wp-content\/uploads\/2026\/08\/\u6fb3\u9580\u6559\u5340\u8056\u6a02\u5718-Coro-Diocesano-de-Macau.jpg);\"><\/div><\/div><\/div><div class=\"carousel-thumb is-gallery\"><div title=\"\"><img decoding=\"async\" src=\"https:\/\/www.ochm-macau.org\/wp-content\/uploads\/2026\/08\/26SCO-0054-1-120x80.jpg\" \/><\/div><div title=\"\"><img decoding=\"async\" src=\"https:\/\/www.ochm-macau.org\/wp-content\/uploads\/2026\/08\/\u9023-120x80.jpeg\" \/><\/div><div title=\"\"><img decoding=\"async\" src=\"https:\/\/www.ochm-macau.org\/wp-content\/uploads\/2026\/08\/1-120x80.jpg\" \/><\/div><div title=\"\"><img decoding=\"async\" src=\"https:\/\/www.ochm-macau.org\/wp-content\/uploads\/2026\/08\/006-120x80.jpg\" \/><\/div><div title=\"\"><img decoding=\"async\" src=\"https:\/\/www.ochm-macau.org\/wp-content\/uploads\/2026\/08\/\u6fb3\u9580\u6559\u5340\u8056\u6a02\u5718-Coro-Diocesano-de-Macau-120x80.jpg\" \/><\/div><\/div><\/div>[vc_column_text]<span style=\"color: #faffbd;\">Data: 30.01.2027 S\u00e1bado<\/span><br \/>\n<span style=\"color: #faffbd;\">Hora: 19:30<\/span><br \/>\n<span style=\"color: #faffbd;\">Local: S\u00e9 Catedral<\/span><\/p>\n<p>Maestro: Lien Boon Hua<br \/>\nCoros: Coro Diocesano de Macau<br \/>\nMaestro do Coro: Leong Kai Son<\/p>\n<p>O primeiro desejo do Ano Novo: luz no cora\u00e7\u00e3o, m\u00fasica no ar.<\/p>\n<p style=\"text-align: justify;\">Com a chegada do novo ano, a luz inunda a S\u00e9 Catedral atrav\u00e9s dos seus vitrais, iluminando a Orquestra Chinesa de Macau e o seu abra\u00e7o musical sagrado ao Coro Diocesano de Macau, num concerto comemorativo da abertura do ano de 2027. Da serena quietude do Inverno ao pulsar jubilante da celebra\u00e7\u00e3o, os sons da m\u00fasica chinesa ressoam e elevam-se neste espa\u00e7o solene, transformando-se nas mais sinceras preces e b\u00ean\u00e7\u00e3os da temporada. Como um hino de esperan\u00e7a, a m\u00fasica enche cada cora\u00e7\u00e3o de luz e promessas para o ano que se inicia.<\/p>\n<p>Aproximadamente 1 hora, sem interval<\/p>\n<p><strong>Destaques do programa: <\/strong><\/p>\n<p>&#8220;Abertura do Festival da Primavera&#8221;<br \/>\nComp. Li Huanzhi Arr. Peng Xiuwen<\/p>\n<p>&#8220;Primavera&#8221;<br \/>\nComp. Lo Leung-fai<\/p>\n<p>&#8220;Sinfonia das Flores&#8221;<br \/>\nComp. Phang Kok Jun [\/vc_column_text][\/vc_column][vc_column width=&#8221;1\/3&#8243;][vc_column_text]<\/p>\n<h4>INFORMA\u00c7\u00d5ES SER\u00c3O ANUNCIADAS MAIS TARDE<\/h4>\n<p>[\/vc_column_text][\/vc_column][\/vc_row]<\/p>\n","protected":false},"excerpt":{"rendered":"<p>O primeiro desejo do Ano Novo: luz no cora\u00e7\u00e3o, m\u00fasica no ar. <\/p>\n","protected":false},"author":2,"featured_media":43938,"comment_status":"closed","ping_status":"closed","template":"","meta":{"_acf_changed":false,"footnotes":""},"tags":[],"tribe_events_cat":[462],"class_list":["post-43956","tribe_events","type-tribe_events","status-publish","has-post-thumbnail","hentry","tribe_events_cat-ciclo-plantando-sementes-musicais-pt-pt","cat_ciclo-plantando-sementes-musicais-pt-pt"],"acf":[],"_links":{"self":[{"href":"https:\/\/www.ochm-macau.org\/pt-pt\/wp-json\/wp\/v2\/tribe_events\/43956","targetHints":{"allow":["GET"]}}],"collection":[{"href":"https:\/\/www.ochm-macau.org\/pt-pt\/wp-json\/wp\/v2\/tribe_events"}],"about":[{"href":"https:\/\/www.ochm-macau.org\/pt-pt\/wp-json\/wp\/v2\/types\/tribe_events"}],"author":[{"embeddable":true,"href":"https:\/\/www.ochm-macau.org\/pt-pt\/wp-json\/wp\/v2\/users\/2"}],"replies":[{"embeddable":true,"href":"https:\/\/www.ochm-macau.org\/pt-pt\/wp-json\/wp\/v2\/comments?post=43956"}],"version-history":[{"count":3,"href":"https:\/\/www.ochm-macau.org\/pt-pt\/wp-json\/wp\/v2\/tribe_events\/43956\/revisions"}],"predecessor-version":[{"id":44297,"href":"https:\/\/www.ochm-macau.org\/pt-pt\/wp-json\/wp\/v2\/tribe_events\/43956\/revisions\/44297"}],"wp:featuredmedia":[{"embeddable":true,"href":"https:\/\/www.ochm-macau.org\/pt-pt\/wp-json\/wp\/v2\/media\/43938"}],"wp:attachment":[{"href":"https:\/\/www.ochm-macau.org\/pt-pt\/wp-json\/wp\/v2\/media?parent=43956"}],"wp:term":[{"taxonomy":"post_tag","embeddable":true,"href":"https:\/\/www.ochm-macau.org\/pt-pt\/wp-json\/wp\/v2\/tags?post=43956"},{"taxonomy":"tribe_events_cat","embeddable":true,"href":"https:\/\/www.ochm-macau.org\/pt-pt\/wp-json\/wp\/v2\/tribe_events_cat?post=43956"}],"curies":[{"name":"wp","href":"https:\/\/api.w.org\/{rel}","templated":true}]}}